{"id":263,"date":"2020-10-09T18:52:02","date_gmt":"2020-10-09T16:52:02","guid":{"rendered":"http:\/\/eduhm.fr\/?page_id=263"},"modified":"2020-10-10T15:32:15","modified_gmt":"2020-10-10T13:32:15","slug":"les-seances","status":"publish","type":"page","link":"http:\/\/eduhm.fr\/?page_id=263","title":{"rendered":"Les s\u00e9ances"},"content":{"rendered":"\n<p>Le programme EDU-HM a pour objectif de\u00a0<strong>rendre disponibles des analyses didactiques de s\u00e9ances de classe ou de formation<\/strong>\u00a0utilisant des supports historiques ou des activit\u00e9s inspir\u00e9es par l\u2019histoire des math\u00e9matiques. Notre int\u00e9r\u00eat se porte en g\u00e9n\u00e9ral sur\u00a0<strong>plusieurs questions<\/strong> comme :\u00a0<strong>dans quelle mesure la dimension historique<\/strong>\u00a0contribue-t-elle<strong>\u00a0au fonctionnement des situations<\/strong>\u00a0et aux apprentissages math\u00e9matiques ?\u00a0<strong>quels sont les savoirs historiques<\/strong>\u00a0vis\u00e9s par l\u2019enseignant ? ou\u00a0<strong>dans quelle mesure des connaissances relevant de l\u2019histoire des math\u00e9matiques \u00e9mergent-elles \u00e0 travers l\u2019exp\u00e9rience d\u2019activit\u00e9s math\u00e9matiques<\/strong>\u00a0contextualis\u00e9es ?<\/p>\n\n\n\n<p><strong>Pour chaque s\u00e9ance, plusieurs extraits vid\u00e9o<\/strong>&nbsp;sont propos\u00e9s et comment\u00e9s.<\/p>\n\n\n\n<p>Les s\u00e9ances sont identifi\u00e9es par niveau (6e, 5e, \u2026, T, sup, multi) et par un titre. Vous pouvez\u00a0<strong>choisir une s\u00e9ance<\/strong>\u00a0soit via l\u2019onglet et menu d\u00e9roulant \u00ab\u00a0<strong>Les s\u00e9ances<\/strong>\u00a0\u00bb en haut de la page. La description de la s\u00e9ance, les supports \u00e9l\u00e8ve, le contexte, \u2026 sont donn\u00e9s sur\u00a0<strong>la page portant le nom de la s\u00e9ance<\/strong>. Les extraits relatifs \u00e0 une s\u00e9ance sont class\u00e9s comme sous-paragraphes de ladite s\u00e9ance.<\/p>\n\n\n\n<p>Les vid\u00e9os ont \u00e9t\u00e9 recueillies depuis plusieurs ann\u00e9es dans des classes de diff\u00e9rents niveaux ainsi qu\u2019\u00e0 l\u2019universit\u00e9. Le recueil se poursuit et\u00a0<strong>nous remercions chaleureusement tous les enseignants<\/strong>\u00a0qui nous ont accueillis\u00a0<strong>et tous nos \u00e9tudiants<\/strong>\u00a0qui se sont pr\u00eat\u00e9s aux exp\u00e9rimentations avec enthousiasme.<\/p>\n","protected":false},"excerpt":{"rendered":"<p>Le programme EDU-HM a pour objectif de\u00a0rendre disponibles des analyses didactiques de s\u00e9ances de classe ou de formation\u00a0utilisant des supports historiques ou des activit\u00e9s inspir\u00e9es par l\u2019histoire des math\u00e9matiques. Notre int\u00e9r\u00eat se porte en g\u00e9n\u00e9ral sur\u00a0plusieurs questions comme :\u00a0dans quelle mesure la dimension historique\u00a0contribue-t-elle\u00a0au fonctionnement des situations\u00a0et aux apprentissages math\u00e9matiques ?\u00a0quels sont les savoirs historiques\u00a0vis\u00e9s &hellip; <\/p>\n<p class=\"link-more\"><a href=\"http:\/\/eduhm.fr\/?page_id=263\" class=\"more-link\">Continue reading<span class=\"screen-reader-text\"> &#8220;Les s\u00e9ances&#8221;<\/span><\/a><\/p>\n","protected":false},"author":1,"featured_media":0,"parent":0,"menu_order":0,"comment_status":"closed","ping_status":"closed","template":"","meta":[],"_links":{"self":[{"href":"http:\/\/eduhm.fr\/index.php?rest_route=\/wp\/v2\/pages\/263"}],"collection":[{"href":"http:\/\/eduhm.fr\/index.php?rest_route=\/wp\/v2\/pages"}],"about":[{"href":"http:\/\/eduhm.fr\/index.php?rest_route=\/wp\/v2\/types\/page"}],"author":[{"embeddable":true,"href":"http:\/\/eduhm.fr\/index.php?rest_route=\/wp\/v2\/users\/1"}],"replies":[{"embeddable":true,"href":"http:\/\/eduhm.fr\/index.php?rest_route=%2Fwp%2Fv2%2Fcomments&post=263"}],"version-history":[{"count":2,"href":"http:\/\/eduhm.fr\/index.php?rest_route=\/wp\/v2\/pages\/263\/revisions"}],"predecessor-version":[{"id":309,"href":"http:\/\/eduhm.fr\/index.php?rest_route=\/wp\/v2\/pages\/263\/revisions\/309"}],"wp:attachment":[{"href":"http:\/\/eduhm.fr\/index.php?rest_route=%2Fwp%2Fv2%2Fmedia&parent=263"}],"curies":[{"name":"wp","href":"https:\/\/api.w.org\/{rel}","templated":true}]}}